{"id":1172,"date":"2025-09-17T10:34:23","date_gmt":"2025-09-17T08:34:23","guid":{"rendered":"https:\/\/preview.artax.ch\/?page_id=1172"},"modified":"2026-03-29T12:36:00","modified_gmt":"2026-03-29T10:36:00","slug":"partner","status":"publish","type":"page","link":"https:\/\/www.artax.ch\/en\/start\/partner\/","title":{"rendered":"Partners"},"content":{"rendered":"<div class=\"wp-block-group\"><div class=\"wp-block-group__inner-container is-layout-constrained wp-block-group-is-layout-constrained\">\n<div class=\"wp-block-columns is-layout-flex wp-container-core-columns-is-layout-9d6595d7 wp-block-columns-is-layout-flex\">\n<div class=\"wp-block-column is-layout-flow wp-block-column-is-layout-flow\" style=\"flex-basis:100%\">\n<div class=\"wp-block-group\"><div class=\"wp-block-group__inner-container is-layout-constrained wp-block-group-is-layout-constrained\">\n<h1 class=\"wp-block-heading\" id=\"fimbel\">Francine Fimbel (Managing Partner)<\/h1>\n\n\n\n<div class=\"wp-block-columns is-layout-flex wp-container-core-columns-is-layout-9d6595d7 wp-block-columns-is-layout-flex\">\n<div class=\"wp-block-column is-layout-flow wp-block-column-is-layout-flow\" style=\"flex-basis:168px\">\n<figure class=\"wp-block-image size-full\"><img loading=\"lazy\" decoding=\"async\" width=\"179\" height=\"225\" src=\"https:\/\/www.artax.ch\/wp-content\/uploads\/2026\/01\/portrait180_ff.png\" alt=\"Portrait180 Ff\" class=\"wp-image-1977\" title=\"Partners\" srcset=\"https:\/\/www.artax.ch\/wp-content\/uploads\/2026\/01\/portrait180_ff.png 179w, https:\/\/www.artax.ch\/wp-content\/uploads\/2026\/01\/portrait180_ff-10x12.png 10w\" sizes=\"auto, (max-width: 179px) 100vw, 179px\" \/><\/figure>\n\n\n\n<p><a href=\"https:\/\/www.artax.ch\/wp-content\/uploads\/2025\/09\/VRmandateFF_e.pdf\" data-type=\"attachment\" data-id=\"1094\" target=\"_blank\" rel=\"noreferrer noopener\">Executive Mandates<\/a><\/p>\n\n\n\n<ul class=\"wp-block-social-links is-layout-flex wp-block-social-links-is-layout-flex\"><li class=\"wp-social-link wp-social-link-linkedin  wp-block-social-link\"><a href=\"https:\/\/www.linkedin.com\/in\/francine-fimbel-a2b95a63\/\" class=\"wp-block-social-link-anchor\"><svg width=\"24\" height=\"24\" viewbox=\"0 0 24 24\" version=\"1.1\" xmlns=\"http:\/\/www.w3.org\/2000\/svg\" aria-hidden=\"true\" focusable=\"false\"><path d=\"M19.7,3H4.3C3.582,3,3,3.582,3,4.3v15.4C3,20.418,3.582,21,4.3,21h15.4c0.718,0,1.3-0.582,1.3-1.3V4.3 C21,3.582,20.418,3,19.7,3z M8.339,18.338H5.667v-8.59h2.672V18.338z M7.004,8.574c-0.857,0-1.549-0.694-1.549-1.548 c0-0.855,0.691-1.548,1.549-1.548c0.854,0,1.547,0.694,1.547,1.548C8.551,7.881,7.858,8.574,7.004,8.574z M18.339,18.338h-2.669 v-4.177c0-0.996-0.017-2.278-1.387-2.278c-1.389,0-1.601,1.086-1.601,2.206v4.249h-2.667v-8.59h2.559v1.174h0.037 c0.356-0.675,1.227-1.387,2.526-1.387c2.703,0,3.203,1.779,3.203,4.092V18.338z\"><\/path><\/svg><span class=\"wp-block-social-link-label screen-reader-text\">LinkedIn<\/span><\/a><\/li><\/ul>\n<\/div>\n\n\n\n<div class=\"wp-block-column is-layout-flow wp-block-column-is-layout-flow\">\n<p>Francine Fimbel was born in Mulhouse in 1965 and grew up in the Alsace region. She passed her Baccalaur\u00e9at and subsequently became a Chartered Accountant BTS CGE. Thereafter, she studied at Grenoble University and attended lectures for the Diplome d\u2019Etude Comptable Sup\u00e9rieur for two years. She gained her first practical experience in a medium-sized accounting firm company in France.<\/p>\n\n\n\n<p>As from 1989 she continued her professional career in Switzerland, first at Mr. Mad\u00f6rin senior\u2019s accounting firm, and since 1998 at artax\u2019s predecessor \u201cTreuhandb\u00fcro Dr. iur. Bernhard Mad\u00f6rin\u201d<\/p>\n\n\n\n<p>In 2000, Francine Fimbel became partner at artax Fide Consult AG. She has continually attended further training, and her core topics include, among classic accounting tasks, taxes and audit \u2013 she is a Licensed Auditor RAB. Cross-border social security issues also belong to Francine Fimbel\u2019s areas of expertise, and she advises our clients in French and German.<\/p>\n\n\n\n<p>At artax Fide Consult AG, Francine Fimbel holds a senior management role, is responsible for the internal organization as well as for our trainee and apprenticeship programs. She has been on our board of directors since 2004, and has become its chairwoman in 2014. Since the beginning of 2019 she acts as managing director of artax Fide Consult AG.<\/p>\n<\/div>\n<\/div>\n\n\n\n<h1 class=\"wp-block-heading\" id=\"fischer\">Urs Fischer<\/h1>\n\n\n\n<div class=\"wp-block-columns is-layout-flex wp-container-core-columns-is-layout-9d6595d7 wp-block-columns-is-layout-flex\">\n<div class=\"wp-block-column is-layout-flow wp-block-column-is-layout-flow\" style=\"flex-basis:168px\">\n<figure class=\"wp-block-image size-full\"><img loading=\"lazy\" decoding=\"async\" width=\"179\" height=\"240\" src=\"https:\/\/www.artax.ch\/wp-content\/uploads\/2026\/01\/portrait180_uf.png\" alt=\"Portrait180 Uf\" class=\"wp-image-1979\" title=\"Partners\" srcset=\"https:\/\/www.artax.ch\/wp-content\/uploads\/2026\/01\/portrait180_uf.png 179w, https:\/\/www.artax.ch\/wp-content\/uploads\/2026\/01\/portrait180_uf-9x12.png 9w\" sizes=\"auto, (max-width: 179px) 100vw, 179px\" \/><\/figure>\n\n\n\n<p><a href=\"https:\/\/www.artax.ch\/wp-content\/uploads\/2026\/03\/VRmandateUF_e.pdf\" data-type=\"attachment\" data-id=\"2170\" target=\"_blank\" rel=\"noreferrer noopener\">Executive Mandates<\/a><\/p>\n\n\n\n<ul class=\"wp-block-social-links is-layout-flex wp-block-social-links-is-layout-flex\"><li class=\"wp-social-link wp-social-link-linkedin  wp-block-social-link\"><a href=\"https:\/\/www.linkedin.com\/in\/ufischer77\" class=\"wp-block-social-link-anchor\"><svg width=\"24\" height=\"24\" viewbox=\"0 0 24 24\" version=\"1.1\" xmlns=\"http:\/\/www.w3.org\/2000\/svg\" aria-hidden=\"true\" focusable=\"false\"><path d=\"M19.7,3H4.3C3.582,3,3,3.582,3,4.3v15.4C3,20.418,3.582,21,4.3,21h15.4c0.718,0,1.3-0.582,1.3-1.3V4.3 C21,3.582,20.418,3,19.7,3z M8.339,18.338H5.667v-8.59h2.672V18.338z M7.004,8.574c-0.857,0-1.549-0.694-1.549-1.548 c0-0.855,0.691-1.548,1.549-1.548c0.854,0,1.547,0.694,1.547,1.548C8.551,7.881,7.858,8.574,7.004,8.574z M18.339,18.338h-2.669 v-4.177c0-0.996-0.017-2.278-1.387-2.278c-1.389,0-1.601,1.086-1.601,2.206v4.249h-2.667v-8.59h2.559v1.174h0.037 c0.356-0.675,1.227-1.387,2.526-1.387c2.703,0,3.203,1.779,3.203,4.092V18.338z\"><\/path><\/svg><span class=\"wp-block-social-link-label screen-reader-text\">LinkedIn<\/span><\/a><\/li><\/ul>\n<\/div>\n\n\n\n<div class=\"wp-block-column is-layout-flow wp-block-column-is-layout-flow\">\n<p>lic.rer.pol. Urs Fischer was born in Basel in 1977 and grew up in Basel-Land. After high school graduation, where he majored in math and science, he spent a college exchange year in the United States and then studied business and economics at the University of Basel, majoring in finance. He completed his studies in 2002 with a masters (lic.rer.pol.) degree. For his diploma thesis he developed and implemented an employee share ownership program for a privately held IT company.<\/p>\n\n\n\n<p>During his studies, Urs Fischer worked for an Internet service provider where, among other tasks, he was advisor to the CEO on business matters and was eventually involved in the sale of the company to a publicly listed corporation.\n\nHe gained further professional experience working for one of the Big Four audit companies and in the Economic Research department at a major Swiss bank. After graduation he first worked in an internal finance position for six years, as Head Finance and Legal for an IT service provider with around 30 employees. In 2009 he changed into the accounting sector and has taken a role as mandate manager at artax group. In 2012 he became partner.<\/p>\n\n\n\n<p>Urs Fischer is VAT Specialist STS, Payroll Administrator STS and Licensed Auditor RAB. His core competencies include taxation for individuals and corporations in the international context, as well as VAT. He advises our clients in English and German, and is responsible for the liaison and cooperation with our Morison Global partner firms worldwide.<\/p>\n<\/div>\n<\/div>\n\n\n\n<h1 class=\"wp-block-heading\" id=\"egger\">Fabian Egger<\/h1>\n\n\n\n<div class=\"wp-block-columns is-layout-flex wp-container-core-columns-is-layout-9d6595d7 wp-block-columns-is-layout-flex\">\n<div class=\"wp-block-column is-layout-flow wp-block-column-is-layout-flow\" style=\"flex-basis:168px\">\n<figure class=\"wp-block-image size-full\"><img loading=\"lazy\" decoding=\"async\" width=\"180\" height=\"241\" src=\"https:\/\/www.artax.ch\/wp-content\/uploads\/2026\/01\/portrait180_fe.png\" alt=\"Portrait180 Fe\" class=\"wp-image-1976\" title=\"Partners\" srcset=\"https:\/\/www.artax.ch\/wp-content\/uploads\/2026\/01\/portrait180_fe.png 180w, https:\/\/www.artax.ch\/wp-content\/uploads\/2026\/01\/portrait180_fe-9x12.png 9w\" sizes=\"auto, (max-width: 180px) 100vw, 180px\" \/><\/figure>\n\n\n\n<p><a href=\"https:\/\/www.artax.ch\/wp-content\/uploads\/2026\/03\/VRmandateFE_e.pdf\" data-type=\"attachment\" data-id=\"1091\" target=\"_blank\" rel=\"noreferrer noopener\">Executive Mandates<\/a><\/p>\n\n\n\n<ul class=\"wp-block-social-links is-layout-flex wp-block-social-links-is-layout-flex\"><li class=\"wp-social-link wp-social-link-linkedin  wp-block-social-link\"><a href=\"https:\/\/www.linkedin.com\/in\/fabian-egger-152882150\/\" class=\"wp-block-social-link-anchor\"><svg width=\"24\" height=\"24\" viewbox=\"0 0 24 24\" version=\"1.1\" xmlns=\"http:\/\/www.w3.org\/2000\/svg\" aria-hidden=\"true\" focusable=\"false\"><path d=\"M19.7,3H4.3C3.582,3,3,3.582,3,4.3v15.4C3,20.418,3.582,21,4.3,21h15.4c0.718,0,1.3-0.582,1.3-1.3V4.3 C21,3.582,20.418,3,19.7,3z M8.339,18.338H5.667v-8.59h2.672V18.338z M7.004,8.574c-0.857,0-1.549-0.694-1.549-1.548 c0-0.855,0.691-1.548,1.549-1.548c0.854,0,1.547,0.694,1.547,1.548C8.551,7.881,7.858,8.574,7.004,8.574z M18.339,18.338h-2.669 v-4.177c0-0.996-0.017-2.278-1.387-2.278c-1.389,0-1.601,1.086-1.601,2.206v4.249h-2.667v-8.59h2.559v1.174h0.037 c0.356-0.675,1.227-1.387,2.526-1.387c2.703,0,3.203,1.779,3.203,4.092V18.338z\"><\/path><\/svg><span class=\"wp-block-social-link-label screen-reader-text\">LinkedIn<\/span><\/a><\/li><\/ul>\n<\/div>\n\n\n\n<div class=\"wp-block-column is-layout-flow wp-block-column-is-layout-flow\">\n<p>Fabian Egger (*1987) was born and grew up in Basel. After completing his commercial diploma he started his career at artax Fide Consult AG and, beside his first practical experience, earned a federal vocational baccalaureate. After becoming a  Certified Accounting Clerk and completing the  three-year higher education for Certified Finance and Accounting Specialist in 2014, he continued to become a Certified Fiduciary Expert and graduated from this advanced education in 2021.Fabian Egger has been working at artax since 2006. He has begun as an intern and spent all his career steps \u2013 from junior associate to engagement manager \u2013 in our firm.<\/p>\n\n\n\n<p>Through this long-term relationship with us, he was able to influence many of our current structures and processes. Fabian Egger became partner in 2017.<\/p>\n\n\n\n<p>Through his extensive training Fabian Egger is a demanded advisor in the areas of accounting, controlling and consolidation. Payroll administration in both a national and international context is another focus of his work. Through his qualification as Licensed Auditor RAB he can bring in another view into his accounting mandates. He advises our clients mainly in German. Fabian Egger is responsible for the operation of our internal IT systems and is also head of our anti-money-laundering compliance team.<\/p>\n<\/div>\n<\/div>\n\n\n\n<h1 class=\"wp-block-heading\" id=\"kaufhold\">Patrizia Kaufhold<\/h1>\n\n\n\n<div class=\"wp-block-columns is-layout-flex wp-container-core-columns-is-layout-9d6595d7 wp-block-columns-is-layout-flex\">\n<div class=\"wp-block-column is-layout-flow wp-block-column-is-layout-flow\" style=\"flex-basis:168px\">\n<figure class=\"wp-block-image size-full\"><img loading=\"lazy\" decoding=\"async\" width=\"179\" height=\"240\" src=\"https:\/\/www.artax.ch\/wp-content\/uploads\/2026\/01\/portrait180_pka.png\" alt=\"Portrait180 Pka\" class=\"wp-image-1978\" title=\"Partners\" srcset=\"https:\/\/www.artax.ch\/wp-content\/uploads\/2026\/01\/portrait180_pka.png 179w, https:\/\/www.artax.ch\/wp-content\/uploads\/2026\/01\/portrait180_pka-9x12.png 9w\" sizes=\"auto, (max-width: 179px) 100vw, 179px\" \/><\/figure>\n\n\n\n<p><a href=\"https:\/\/www.artax.ch\/wp-content\/uploads\/2025\/09\/VRmandatePKa_e.pdf\" data-type=\"attachment\" data-id=\"1093\" target=\"_blank\" rel=\"noreferrer noopener\">Executive Mandates<\/a><\/p>\n\n\n\n<ul class=\"wp-block-social-links is-layout-flex wp-block-social-links-is-layout-flex\"><li class=\"wp-social-link wp-social-link-linkedin  wp-block-social-link\"><a href=\"https:\/\/ch.linkedin.com\/in\/patrizia-kaufhold-044378243\" class=\"wp-block-social-link-anchor\"><svg width=\"24\" height=\"24\" viewbox=\"0 0 24 24\" version=\"1.1\" xmlns=\"http:\/\/www.w3.org\/2000\/svg\" aria-hidden=\"true\" focusable=\"false\"><path d=\"M19.7,3H4.3C3.582,3,3,3.582,3,4.3v15.4C3,20.418,3.582,21,4.3,21h15.4c0.718,0,1.3-0.582,1.3-1.3V4.3 C21,3.582,20.418,3,19.7,3z M8.339,18.338H5.667v-8.59h2.672V18.338z M7.004,8.574c-0.857,0-1.549-0.694-1.549-1.548 c0-0.855,0.691-1.548,1.549-1.548c0.854,0,1.547,0.694,1.547,1.548C8.551,7.881,7.858,8.574,7.004,8.574z M18.339,18.338h-2.669 v-4.177c0-0.996-0.017-2.278-1.387-2.278c-1.389,0-1.601,1.086-1.601,2.206v4.249h-2.667v-8.59h2.559v1.174h0.037 c0.356-0.675,1.227-1.387,2.526-1.387c2.703,0,3.203,1.779,3.203,4.092V18.338z\"><\/path><\/svg><span class=\"wp-block-social-link-label screen-reader-text\">LinkedIn<\/span><\/a><\/li><\/ul>\n<\/div>\n\n\n\n<div class=\"wp-block-column is-layout-flow wp-block-column-is-layout-flow\">\n<p>Patrizia Kaufhold was born in Basel in 1983 and grew up in M\u00f6hlin (AG). She initially completed an apprenticeship as chemist. After positions at a pharmaceutical supplier and in the logistics sector, she has joined the cantonal tax administration of Basel-Landschaft, and worked for eight years as tax inspector for real estate transfer and real estate gains taxes. Through this experience she has not only become a specialist in the taxation of real estate property, but has also developed a deep understanding of the inner workings of tax authorities, which often proves helpful in formal tax proceedings for our clients. During this time, she has completed further training for tax assessors by the Swiss Tax Conference SSK and a course to become a certified fiduciary clerk.<\/p>\n\n\n\n<p>In April 2017, Patrizia Kaufhold has joined artax as a tax mandate manager. In the following years, she also assumed the technical and organizational lead of our tax team. In parallel,  Patrizia Kaufhold has undertaken further training to become a Certified Fiduciary and graduated in 2020 with the federal certificate. She became partner in 2024.<\/p>\n\n\n\n<p>Patrizia Kaufhold's areas of expertise include taxation of individuals with an international focus, tax at source and real estate taxation. She advises our clients in German and English and supports Francine Fimbel in management tasks and the internal organization of artax.<\/p>\n<\/div>\n<\/div>\n\n\n\n<h2 class=\"wp-block-heading\">Partner emeritus Dr. iur. Bernhard Mad\u00f6rin<\/h2>\n\n\n\n<div class=\"wp-block-columns is-layout-flex wp-container-core-columns-is-layout-9d6595d7 wp-block-columns-is-layout-flex\">\n<div class=\"wp-block-column is-layout-flow wp-block-column-is-layout-flow\" style=\"flex-basis:168px\">\n<figure class=\"wp-block-image size-full\"><img loading=\"lazy\" decoding=\"async\" width=\"179\" height=\"240\" src=\"https:\/\/www.artax.ch\/wp-content\/uploads\/2026\/01\/portrait180_bm.png\" alt=\"Portrait180 Bm\" class=\"wp-image-1975\" title=\"Partners\" srcset=\"https:\/\/www.artax.ch\/wp-content\/uploads\/2026\/01\/portrait180_bm.png 179w, https:\/\/www.artax.ch\/wp-content\/uploads\/2026\/01\/portrait180_bm-9x12.png 9w\" sizes=\"auto, (max-width: 179px) 100vw, 179px\" \/><\/figure>\n\n\n\n<ul class=\"wp-block-social-links is-layout-flex wp-block-social-links-is-layout-flex\"><li class=\"wp-social-link wp-social-link-linkedin  wp-block-social-link\"><a href=\"https:\/\/www.linkedin.com\/in\/bernhard-mad%C3%B6rin-7973b4a\/\" class=\"wp-block-social-link-anchor\"><svg width=\"24\" height=\"24\" viewbox=\"0 0 24 24\" version=\"1.1\" xmlns=\"http:\/\/www.w3.org\/2000\/svg\" aria-hidden=\"true\" focusable=\"false\"><path d=\"M19.7,3H4.3C3.582,3,3,3.582,3,4.3v15.4C3,20.418,3.582,21,4.3,21h15.4c0.718,0,1.3-0.582,1.3-1.3V4.3 C21,3.582,20.418,3,19.7,3z M8.339,18.338H5.667v-8.59h2.672V18.338z M7.004,8.574c-0.857,0-1.549-0.694-1.549-1.548 c0-0.855,0.691-1.548,1.549-1.548c0.854,0,1.547,0.694,1.547,1.548C8.551,7.881,7.858,8.574,7.004,8.574z M18.339,18.338h-2.669 v-4.177c0-0.996-0.017-2.278-1.387-2.278c-1.389,0-1.601,1.086-1.601,2.206v4.249h-2.667v-8.59h2.559v1.174h0.037 c0.356-0.675,1.227-1.387,2.526-1.387c2.703,0,3.203,1.779,3.203,4.092V18.338z\"><\/path><\/svg><span class=\"wp-block-social-link-label screen-reader-text\">LinkedIn<\/span><\/a><\/li><\/ul>\n\n\n\n<p><a href=\"https:\/\/www.colorword.ch\/\" target=\"_blank\" rel=\"noreferrer noopener nofollow\">colorword.ch<\/a><\/p>\n<\/div>\n\n\n\n<div class=\"wp-block-column is-layout-flow wp-block-column-is-layout-flow\">\n<p>r. iur. Bernhard Mad\u00f6rin was born in 1959 and grew up in Basel. After successfully completing secondary school, he studied law at the University of Basel and obtained a doctorate in tax law. He gained his first professional experience between 1983 and 1998 as an employee and later partner in his father's fiduciary office. In 1998 he has set up his own accounting office, \"Treuhand Dr. iur. Bernhard Mad\u00f6rin\". From 2000, as a partner and long-standing CEO, he built up and shaped artax group and, as a tax and fiduciary expert, held overall responsibility for the areas of taxation, law, audit and corporate consulting.<\/p>\n\n\n\n<p>In addition to tax law, Bernhard Mad\u00f6rin's areas of expertise include strategic and operational management. In this executive role, he was involved in over 50 companies as a member of the Board of Directors or Managing Director, in particular from 2010 to 2017 in what was probably his most prominent mandate at IWB Industrielle Werke Basel (Basel\u2019s public utility service). In addition to his work as a fiduciary, Bernhard Mad\u00f6rin has always been involved in a wide range of activities: He regularly gave lectures, is the author of a large number of publications, besides numerous professional books also two crime novels and, together with a doctor friend, a non-fiction book on traditional Chinese medicine, and has been politically active as a member of the Basel-Stadt cantonal legislature from 1999 to 2006.<\/p>\n\n\n\n<p>At the end of April 2025 Bernhard Mad\u00f6rin has retired from his management role at artax and sold his stake to the next generation of partners. He will continue to support selected clients in the area of his executive mandates with a small workload and will remain available as an experienced counsel where needed.<\/p>\n<\/div>\n<\/div>\n<\/div><\/div>\n<\/div>\n<\/div>\n<\/div><\/div>\n\n\n\n<div style=\"height:90px\" aria-hidden=\"true\" class=\"wp-block-spacer\"><\/div>","protected":false},"excerpt":{"rendered":"<p>Francine Fimbel (Managing Partner) Exekutivmandate Francine Fimbel (*1965) ist in Mulhouse geboren und in derselben Region aufgewachsen. Sie absolvierte das Baccalaur\u00e9at und nachfolgend die Ausbildung zur Dipl. Buchhalterin BTS CGE. Anschliessend besuchte sie die Universit\u00e4t Grenoble, wo sie w\u00e4hrend zwei Jahren an den Vorlesungen zur Ausbildung als Dipl\u00f4me d\u2019Etude Comptable Sup\u00e9rieur teilnahm. Ihre erste Praxiserfahrung&#8230;<\/p>","protected":false},"author":1,"featured_media":0,"parent":858,"menu_order":21,"comment_status":"closed","ping_status":"closed","template":"","meta":{"_kad_blocks_custom_css":"","_kad_blocks_head_custom_js":"","_kad_blocks_body_custom_js":"","_kad_blocks_footer_custom_js":"","_kad_post_transparent":"","_kad_post_title":"","_kad_post_layout":"","_kad_post_sidebar_id":"","_kad_post_content_style":"","_kad_post_vertical_padding":"","_kad_post_feature":"","_kad_post_feature_position":"","_kad_post_header":false,"_kad_post_footer":false,"_kad_post_classname":"","iawp_total_views":71,"footnotes":""},"class_list":["post-1172","page","type-page","status-publish","hentry"],"taxonomy_info":[],"featured_image_src_large":false,"author_info":{"display_name":"Isabell Buttron","author_link":"https:\/\/www.artax.ch\/en\/author\/artax2punkt0\/"},"comment_info":0,"_links":{"self":[{"href":"https:\/\/www.artax.ch\/en\/wp-json\/wp\/v2\/pages\/1172","targetHints":{"allow":["GET"]}}],"collection":[{"href":"https:\/\/www.artax.ch\/en\/wp-json\/wp\/v2\/pages"}],"about":[{"href":"https:\/\/www.artax.ch\/en\/wp-json\/wp\/v2\/types\/page"}],"author":[{"embeddable":true,"href":"https:\/\/www.artax.ch\/en\/wp-json\/wp\/v2\/users\/1"}],"replies":[{"embeddable":true,"href":"https:\/\/www.artax.ch\/en\/wp-json\/wp\/v2\/comments?post=1172"}],"version-history":[{"count":17,"href":"https:\/\/www.artax.ch\/en\/wp-json\/wp\/v2\/pages\/1172\/revisions"}],"predecessor-version":[{"id":2190,"href":"https:\/\/www.artax.ch\/en\/wp-json\/wp\/v2\/pages\/1172\/revisions\/2190"}],"up":[{"embeddable":true,"href":"https:\/\/www.artax.ch\/en\/wp-json\/wp\/v2\/pages\/858"}],"wp:attachment":[{"href":"https:\/\/www.artax.ch\/en\/wp-json\/wp\/v2\/media?parent=1172"}],"curies":[{"name":"wp","href":"https:\/\/api.w.org\/{rel}","templated":true}]}}